{"id":42,"date":"2016-12-09T11:41:22","date_gmt":"2016-12-09T11:41:22","guid":{"rendered":"http:\/\/192.168.0.120\/kulturpalota\/?page_id=42"},"modified":"2017-03-13T22:00:56","modified_gmt":"2017-03-13T22:00:56","slug":"privacy-policy","status":"publish","type":"page","link":"https:\/\/palatul-culturii.ro\/hu\/privacy-policy\/","title":{"rendered":"Adatv\u00e9delem"},"content":{"rendered":"<p>Az \u00d6n megadott szem\u00e9lyes adatainak v\u00e9delme kiemelten fontos a Maros megyei M\u00fazeum sz\u00e1m\u00e1ra. Az interneten kereszt\u00fcl hozz\u00e1 eljuttatott valamennyi adatot ugyanolyan v\u00e9delemmel kezeli, mintha azokat egy\u00e9b \u00faton bocs\u00e1tott\u00e1k volna rendelkez\u00e9s\u00e9re.<\/p>\n<p>A Maros megyei M\u00fazeum\u00a0b\u00e1rmely, a weboldalak haszn\u00e1lata sor\u00e1n tudom\u00e1s\u00e1ra jutott szem\u00e9lyes adatot \u00a0a 677\/2001-es, a szem\u00e9lyes adatok felhaszn\u00e1l\u00e1s\u00e1ra vonatkoz\u00f3 t\u00f6rv\u00e9ny, illetve az 506\/2004-es a szem\u00e9lyes adatok felhaszn\u00e1l\u00e1s\u00e1ra,valamint az elektronikus kommunik\u00e1ci\u00f3 sor\u00e1n a mag\u00e1n\u00e9let v\u00e9delm\u00e9re vonatkoz\u00f3 t\u00f6rv\u00e9ny szerint kezel.<\/p>\n<p>Amennyiben \u00d6n b\u00e1rmely szem\u00e9lyes adat\u00e1t \u00f6nk\u00e9nt eljuttatja a Maros megyei M\u00fazeumhoz, ezzel hozz\u00e1j\u00e1rul\u00e1s\u00e1t adja ahhoz, hogy azt a M\u00fazeum &#8211; az \u00fcgylet jellege \u00e1ltal meghat\u00e1rozott c\u00e9lb\u00f3l \u00e9s ideig &#8211; nyilv\u00e1ntartsa \u00e9s kezelje.<\/p>\n<p>Az \u00d6n \u00e1ltal megadott adatok mellett a Maros megyei M\u00fazeum automatikus adatgy\u0171jt\u0151 eszk\u00f6z\u00f6kkel (cookie-kal) adatokat gy\u0171jthet a M\u00fazeum webhelyeinek, webes alap\u00fa alkalmaz\u00e1sainak haszn\u00e1lata k\u00f6zben. A Maros megyei M\u00fazeum\u00a0a honlap technikai \u00fczemeltet\u00e9se \u00e9rdek\u00e9ben a k\u00f6vetkez\u0151, &#8211; szem\u00e9lyes adatokat nem tartalmaz\u00f3 &#8211; automatikusan keletkez\u0151 inform\u00e1ci\u00f3kat haszn\u00e1lja fel:<\/p>\n<ul>\n<li>a sz\u00e1m\u00edt\u00f3g\u00e9p internetprotokoll-c\u00edme (IP-c\u00edme),<\/li>\n<li>domain-n\u00e9v (URL),<\/li>\n<li>a hozz\u00e1f\u00e9r\u00e9s adatai,<\/li>\n<li>az \u00fcgyf\u00e9l file lek\u00e9r\u00e9s (mely oldalakat tekint meg \u00e9s milyen hivatkoz\u00e1sokra kattint r\u00e1)),<\/li>\n<li>a HTTP v\u00e1laszk\u00f3d,<\/li>\n<li>a weboldal adatai ahonnan a lek\u00e9r\u00e9s t\u00f6rt\u00e9nt,<\/li>\n<li>a l\u00e1togat\u00e1s alatt forgalmazott b\u00e1jtok mennyis\u00e9ge,<\/li>\n<li>a l\u00e1togat\u00e1s id\u0151pontja \u00e9s hossza<\/li>\n<li>a megtekintett oldalak adatai, illetve<\/li>\n<li>a haszn\u00e1lt b\u00f6ng\u00e9sz\u0151program t\u00edpusa \u00e9s nyelve..<\/li>\n<\/ul>\n<p><strong>Adatok felhaszn\u00e1l\u00e1sa, tov\u00e1bb\u00edt\u00e1sa. Konfidencialit\u00e1s.<\/strong><\/p>\n<p>Minden olyan esetben, ha a szolg\u00e1ltatott adatokat a Maros megyei M\u00fazeum\u00a0az eredeti adatfelv\u00e9tel c\u00e9lj\u00e1t\u00f3l elt\u00e9r\u0151 c\u00e9lra k\u00edv\u00e1nja felhaszn\u00e1lni, err\u0151l az \u00e9rintettet t\u00e1j\u00e9koztatja, \u00e9s ehhez el\u0151zetes hozz\u00e1j\u00e1rul\u00e1s\u00e1t megszerezi, illet\u0151leg lehet\u0151s\u00e9get biztos\u00edt sz\u00e1m\u00e1ra, hogy ezt k\u00f6vet\u0151en hozz\u00e1j\u00e1rul\u00e1s\u00e1t b\u00e1rmikor visszavonja.<\/p>\n<p>A Maros megyei M\u00fazeum az \u00e1ltala kezelt szem\u00e9lyes adatokat harmadik szem\u00e9ly sz\u00e1m\u00e1ra &#8211; a jogszab\u00e1lyok \u00e1ltal el\u0151\u00edrt k\u00f6telez\u0151 esetek kiv\u00e9tel\u00e9vel ill. az \u00e9rintett hozz\u00e1j\u00e1rul\u00e1sa n\u00e9lk\u00fcl &#8211; semmilyen k\u00f6r\u00fclm\u00e9nyek k\u00f6z\u00f6tt nem tov\u00e1bb\u00edtja.<\/p>\n<p>A Maros megyei M\u00fazeum\u00a0az \u00d6n \u00e1ltal megadott adatokat \u00e9s inform\u00e1ci\u00f3kat az al\u00e1bbi c\u00e9lokra haszn\u00e1lhatja fel:<\/p>\n<ul>\n<li>l\u00e1togat\u00f3i szok\u00e1sok elemz\u00e9se,<\/li>\n<li>l\u00e1togatotts\u00e1gi statisztik\u00e1k \u00f6ssze\u00e1ll\u00edt\u00e1sa,<\/li>\n<li>ingyenes nyerem\u00e9ny \u00e9s egy\u00e9b j\u00e1t\u00e9kok bonyol\u00edt\u00e1sa,<\/li>\n<\/ul>\n<p><strong>Adatbiztons\u00e1g<\/strong><\/p>\n<p>A kezelt szem\u00e9lyes adatok jogosulatlan felhaszn\u00e1l\u00e1sa \u00e9s az azzal kapcsolatos vissza\u00e9l\u00e9sek elker\u00fcl\u00e9se \u00e9rdek\u00e9ben t\u00e1rsas\u00e1gunk kiterjedt m\u0171szaki \u00e9s \u00fczemeltet\u00e9si biztons\u00e1gi int\u00e9zked\u00e9seket alkalmaz. Biztons\u00e1gi elj\u00e1r\u00e1sainkat rendszeresen ellen\u0151rizz\u00fck \u00e9s a technol\u00f3giai fejl\u0151d\u00e9ssel \u00f6sszhangban fejlesztj\u00fck.<\/p>\n<p><strong>T\u00e1j\u00e9koztat\u00e1s<\/strong><\/p>\n<p>\u00cdr\u00e1sbeli k\u00e9r\u00e9s eset\u00e9n a Maros megyei M\u00fazeum t\u00e1j\u00e9koztatja az \u00e9rintetteket szem\u00e9lyes adataik kezel\u00e9s\u00e9r\u0151l. \u00c9vente egy alkalommal joga van ahhoz, hogy ingyenesen inform\u00e1ci\u00f3t kapjon arr\u00f3l, hogy az \u00d6n adatait feldolgozz\u00e1k vagy sem. K\u00e9r\u00e9s eset\u00e9n, a 677\/2001-es t\u00f6rv\u00e9ny el\u0151\u00edr\u00e1sainak megfelel\u0151en a k\u00f6vetkez\u0151 jogokat gyakorolhatja: az adatokhoz val\u00f3 hozz\u00e1f\u00e9r\u00e9s, az adatok megv\u00e1ltoztat\u00e1sa, az adatok felhaszn\u00e1l\u00e1s\u00e1nak megtilt\u00e1sa, hogy adatair\u00f3l egy\u00e9ni d\u00f6nt\u00e9s keret\u00e9ben hat\u00e1rozzanak, \u00e9s a b\u00edr\u00f3s\u00e1ghoz val\u00f3 fordul\u00e1s,<\/p>\n<p>Felh\u00edvjuk a figyelm\u00e9t arra, hogy a Maros megyei M\u00fazeum\u00a0weboldalair\u00f3l m\u00e1s c\u00e9gek \u00e9s egy\u00e9b szervezetek weboldal\u00e1ra is eljuthat. Az azokon k\u00f6z\u00f6lt adatok tartalm\u00e1\u00e9rt \u00e9s helyess\u00e9g\u00e9\u00e9rt, illetve az \u00d6n adatainak biztons\u00e1g\u00e1\u00e9rt a Maros megyei M\u00fazeum nem v\u00e1llal felel\u0151ss\u00e9get. Ezen weboldalak haszn\u00e1lata eset\u00e9n javasoljuk, hogy gy\u0151z\u0151dj\u00f6n meg az adott oldalt megjelentet\u0151 szervezet adatv\u00e9delmi politik\u00e1j\u00e1r\u00f3l.<\/p>\n<p><strong>Hogyan haszn\u00e1lja a Maros megyei M\u00fazeum<\/strong><strong>\u00a0a Cookie-kat<\/strong><\/p>\n<p>A \u201ecookie\u201d egy kis adatf\u00e1jl (a kiszolg\u00e1l\u00f3 \u00e9s felhaszn\u00e1l\u00f3 k\u00f6z\u00f6tt cser\u00e9lt kism\u00e9ret\u0171 adat), amelyet a webhely k\u00fcld a felhaszn\u00e1l\u00f3 sz\u00e1m\u00edt\u00f3g\u00e9p\u00e9nek merevlemez\u00e9re. A Maros megyei M\u00fazeum\u00a0\u00e9s szolg\u00e1ltat\u00f3i akkor k\u00fcldenek cookie-kat, ha megl\u00e1togatja a webhely\u00fcnket vagy a hirdet\u00e9s\u00fcnket tartalmaz\u00f3 webhelyeket, inform\u00e1ci\u00f3t k\u00e9r vagy szab testre, illetve ha regisztr\u00e1l bizonyos szolg\u00e1ltat\u00e1sokra.<\/p>\n<p>A Maros megyei M\u00fazeum a keres\u0151 \u00e9s Flash cookie-k haszn\u00e1lat\u00e1val inform\u00e1ci\u00f3kat gy\u0171jt arr\u00f3l, hogy \u00d6n j\u00e1rt-e m\u00e1r valaha az oldalunkon, illetve seg\u00edt azonos\u00edtani azokat a funkci\u00f3kat\/szolg\u00e1ltat\u00e1sokat, amik \u00d6nt a legink\u00e1bb \u00e9rdekelhetik. A keres\u0151 \u00e9s a Flash cookie-k n\u00f6velik az online \u00e9lm\u00e9nyt az \u00e1ltal, hogy meg\u0151rzik az \u00d6n \u00e1ltal prefer\u00e1lt inform\u00e1ci\u00f3kat, am\u00edg egy adott oldalon tart\u00f3zkodik. Sem a keres\u0151 sem a Flash cookie-k nem tudj\u00e1k \u00d6nt szem\u00e9ly szerint beazonos\u00edtani.<\/p>\n<p>Amennyiben elfogadja a cookie-kat a webhely\u00fcnk\u00f6n, akkor hozz\u00e1f\u00e9r\u00e9st biztos\u00edthat a b\u00f6ng\u00e9sz\u00e9si szok\u00e1saival kapcsolatos inform\u00e1ci\u00f3khoz, amelyeket felhaszn\u00e1lhatunk a felhaszn\u00e1l\u00f3i \u00e9lm\u00e9ny testre szab\u00e1s\u00e1ra. A cookie-kat \u00e1ltal\u00e1ban egy munkamenet idej\u00e9re \u00e9rv\u00e9nyes, illetve \u201e\u00e1lland\u00f3\u201d cookie-k\u00e9nt k\u00fcl\u00f6nb\u00f6ztetik meg. Az egy munkamenet sor\u00e1n \u00e9rv\u00e9nyes cookie-k csak a b\u00f6ng\u00e9sz\u0151 bez\u00e1r\u00e1s\u00e1ig maradnak a sz\u00e1m\u00edt\u00f3g\u00e9pen. Az \u00e1lland\u00f3 cookie-k a t\u00f6rl\u00e9s\u00fckig vagy lej\u00e1ratukig a sz\u00e1m\u00edt\u00f3g\u00e9pen maradnak. A legt\u00f6bb b\u00f6ng\u00e9sz\u0151 alap\u00e9rtelmez\u00e9s szerint automatikusan elfogadja a cookie-kat, de a b\u00f6ng\u00e9sz\u0151 biztons\u00e1gi be\u00e1ll\u00edt\u00e1sainak m\u00f3dos\u00edt\u00e1s\u00e1val elutas\u00edthatja, illetve szelekt\u00e1lhatja \u0151ket. Ha kikapcsolja a cookie-k haszn\u00e1lat\u00e1t, a webhely egyes funkci\u00f3it nem fogja tudni k\u00e9nyelmesen kezelni, \u00e9s egyes weboldalak nem jelennek meg megfelel\u0151en.<\/p>\n<p>A legn\u00e9pszer\u0171bb b\u00f6ng\u00e9sz\u0151kkel \u00e9s a cookie-k kezel\u00e9s\u00e9vel kapcsolatban a b\u00f6ng\u00e9sz\u0151je s\u00fag\u00f3 \u00e9s t\u00e1mogat\u00e1s szakasz\u00e1ban t\u00e1j\u00e9koz\u00f3dhat.<\/p>\n<p><strong>Elemz\u00e9si c\u00e9lokat szolg\u00e1l\u00f3 cookie-k<\/strong><\/p>\n<p>A Kult\u00farpalota webhely\u00e9re tett l\u00e1togat\u00e1skor egy webelemz\u0151 szoftver \u00e1ltal l\u00e9trehozott n\u00e9vtelen cookie seg\u00edt meg\u00e1llap\u00edtani, hogy j\u00e1rt-e m\u00e1r a felhaszn\u00e1l\u00f3 a webhelyen kor\u00e1bban. Ezek a cookie-k seg\u00edtenek meghat\u00e1rozni a l\u00e1togat\u00f3k sz\u00e1m\u00e1t, a l\u00e1togat\u00f3k tart\u00f3zkod\u00e1si hely\u00e9t \u00e9s az \u00e1ltaluk megtekintett oldalakat is. Az itt szerzett adatokat az oldalak l\u00e1togatotts\u00e1g\u00e1nak felm\u00e9r\u00e9s\u00e9re, majd az oldalak sz\u00ednvonal\u00e1nak jav\u00edt\u00e1s\u00e1ra haszn\u00e1ljuk fel. Az elemz\u00e9si c\u00e9lokat szolg\u00e1l\u00f3 cookie-k statisztikai adatok gy\u0171jt\u00e9s\u00e9re alkalmasak, szem\u00e9lyazonos\u00edt\u00e1sra azonban nem.<\/p>\n<p><strong>Webhelyek m\u0171k\u00f6d\u00e9s\u00e9vel kapcsolatos cookie-k<\/strong><\/p>\n<p>Bizonyos cookie-k t\u00e1rolj\u00e1k, hogy a felhaszn\u00e1l\u00f3 a webhelyen mely eszk\u00f6z\u00f6ket, illetve funkci\u00f3kat haszn\u00e1lta. A <a href=\"http:\/\/www.goodyear.eu\/hu_hu\/tires\/tire-finder\/index.jsp\" target=\"_blank\">virtu\u00e1lis<\/a> k\u00e1rtya k\u00f6zpont haszn\u00e1latakor haszn\u00e1lt cookie p\u00e9ld\u00e1ul t\u00e1rolja, hogy milyen n\u00e9vvel jelentkezett be, hogy legk\u00f6zelebbi bejelentkez\u00e9sekkor automatikusan ki tudjuk ezt a mez\u0151t t\u00f6lteni \u00d6nnek.\u00a0Ezek a cookie-k semmilyen szem\u00e9lyi adatot nem t\u00e1rolnak.<\/p>\n<p><strong>F\u00f6ldrajzi adatokat t\u00e1rol\u00f3 cookie-k<\/strong><\/p>\n<p>A t\u00e9rs\u00e9gre vonatkoz\u00f3 tartalmat f\u00f6ldrajzi adatokat t\u00e1rol\u00f3 cookie-k seg\u00edts\u00e9g\u00e9vel jelen\u00edtj\u00fck meg. A cookie-k a b\u00f6ng\u00e9sz\u0151 adatait felhaszn\u00e1lva \u00e1llap\u00edtj\u00e1k meg, hogy honnan \u00e9rkezik a felhaszn\u00e1l\u00f3 az oldalra.<\/p>\n<p><strong>Kikapcsolhatom a cookie-k l\u00e9trehoz\u00e1s\u00e1t?<\/strong><\/p>\n<p>Term\u00e9szetesen be\u00e1ll\u00edthatja, hogy b\u00f6ng\u00e9sz\u0151je egy\u00e1ltal\u00e1n ne fogadjon el cookie-kat, vagy csak bizonyos webhelyek cookie-jait fogadja el. A k\u00f6vetkez\u0151 hivatkoz\u00e1sokra kattintva megismerkedhet a f\u0151bb b\u00f6ng\u00e9sz\u0151k cookie-kra vonatkoz\u00f3 be\u00e1ll\u00edt\u00e1si elj\u00e1r\u00e1saival. A b\u00f6ng\u00e9sz\u0151 s\u00fag\u00f3j\u00e1ban is hasznos tudnival\u00f3kat olvashat.<\/p>","protected":false},"excerpt":{"rendered":"<p>Az \u00d6n megadott szem\u00e9lyes adatainak v\u00e9delme kiemelten fontos a Maros megyei M\u00fazeum sz\u00e1m\u00e1ra. Az interneten kereszt\u00fcl hozz\u00e1 eljuttatott valamennyi adatot ugyanolyan v\u00e9delemmel kezeli, mintha azokat egy\u00e9b \u00faton bocs\u00e1tott\u00e1k volna rendelkez\u00e9s\u00e9re. A Maros megyei M\u00fazeum\u00a0b\u00e1rmely, a weboldalak haszn\u00e1lata sor\u00e1n tudom\u00e1s\u00e1ra jutott [&hellip;]<\/p>\n","protected":false},"author":5,"featured_media":0,"parent":0,"menu_order":0,"comment_status":"closed","ping_status":"closed","template":"","meta":{"_acf_changed":false,"footnotes":""},"class_list":["post-42","page","type-page","status-publish","hentry"],"acf":{"photo_gallery":{"upload_images":[[]]}},"_links":{"self":[{"href":"https:\/\/palatul-culturii.ro\/hu\/wp-json\/wp\/v2\/pages\/42","targetHints":{"allow":["GET"]}}],"collection":[{"href":"https:\/\/palatul-culturii.ro\/hu\/wp-json\/wp\/v2\/pages"}],"about":[{"href":"https:\/\/palatul-culturii.ro\/hu\/wp-json\/wp\/v2\/types\/page"}],"author":[{"embeddable":true,"href":"https:\/\/palatul-culturii.ro\/hu\/wp-json\/wp\/v2\/users\/5"}],"replies":[{"embeddable":true,"href":"https:\/\/palatul-culturii.ro\/hu\/wp-json\/wp\/v2\/comments?post=42"}],"version-history":[{"count":9,"href":"https:\/\/palatul-culturii.ro\/hu\/wp-json\/wp\/v2\/pages\/42\/revisions"}],"predecessor-version":[{"id":633,"href":"https:\/\/palatul-culturii.ro\/hu\/wp-json\/wp\/v2\/pages\/42\/revisions\/633"}],"wp:attachment":[{"href":"https:\/\/palatul-culturii.ro\/hu\/wp-json\/wp\/v2\/media?parent=42"}],"curies":[{"name":"wp","href":"https:\/\/api.w.org\/{rel}","templated":true}]}}